{"id":590,"date":"2021-06-08T18:50:41","date_gmt":"2021-06-08T16:50:41","guid":{"rendered":"https:\/\/wagner-glass.fashion\/?post_type=wg_reference&#038;p=590"},"modified":"2021-07-05T17:07:17","modified_gmt":"2021-07-05T15:07:17","slug":"osterreichische-polizei","status":"publish","type":"wg_reference","link":"https:\/\/wagner-glass.fashion\/en\/referenzen\/osterreichische-polizei\/","title":{"rendered":"Austrian police"},"content":{"rendered":"<div class=\"wp-block-columns is-layout-flex wp-container-core-columns-is-layout-9d6595d7 wp-block-columns-is-layout-flex\">\n<div class=\"wp-block-column is-layout-flow wp-block-column-is-layout-flow\">\n<div class=\"wp-block-wg-fashion-blocks-carousel alignfull carousel slide\"><div class=\"carousel-inner\" data-slick=\"{&quot;arrows&quot;:false,&quot;dots&quot;:true,&quot;autoplay&quot;:true,&quot;autoplaySpeed&quot;:7000}\">\n<div class=\"wp-block-wg-fashion-blocks-carousel-item carousel-item\" data-dark=\"false\"><div class=\"carousel-caption\">\n<figure class=\"wp-block-image size-large\"><img loading=\"lazy\" decoding=\"async\" width=\"694\" height=\"1024\" src=\"https:\/\/wagner-glass.fashion\/wp-content\/uploads\/2021\/06\/2-21-Wagner-Glas2332-1-694x1024.png\" alt=\"\" class=\"wp-image-591\" srcset=\"https:\/\/wagner-glass.fashion\/wp-content\/uploads\/2021\/06\/2-21-Wagner-Glas2332-1-694x1024.png 694w, https:\/\/wagner-glass.fashion\/wp-content\/uploads\/2021\/06\/2-21-Wagner-Glas2332-1-203x300.png 203w, https:\/\/wagner-glass.fashion\/wp-content\/uploads\/2021\/06\/2-21-Wagner-Glas2332-1-768x1133.png 768w, https:\/\/wagner-glass.fashion\/wp-content\/uploads\/2021\/06\/2-21-Wagner-Glas2332-1-8x12.png 8w, https:\/\/wagner-glass.fashion\/wp-content\/uploads\/2021\/06\/2-21-Wagner-Glas2332-1-600x885.png 600w, https:\/\/wagner-glass.fashion\/wp-content\/uploads\/2021\/06\/2-21-Wagner-Glas2332-1.png 800w\" sizes=\"auto, (max-width: 694px) 100vw, 694px\" \/><\/figure>\n<\/div><\/div>\n\n\n\n<div class=\"wp-block-wg-fashion-blocks-carousel-item carousel-item\" data-dark=\"false\"><div class=\"carousel-caption\">\n<figure class=\"wp-block-image size-large\"><img loading=\"lazy\" decoding=\"async\" width=\"736\" height=\"1024\" src=\"https:\/\/wagner-glass.fashion\/wp-content\/uploads\/2021\/06\/2-21-Wagner-Glas2336-736x1024.png\" alt=\"\" class=\"wp-image-592\" srcset=\"https:\/\/wagner-glass.fashion\/wp-content\/uploads\/2021\/06\/2-21-Wagner-Glas2336-736x1024.png 736w, https:\/\/wagner-glass.fashion\/wp-content\/uploads\/2021\/06\/2-21-Wagner-Glas2336-216x300.png 216w, https:\/\/wagner-glass.fashion\/wp-content\/uploads\/2021\/06\/2-21-Wagner-Glas2336-768x1068.png 768w, https:\/\/wagner-glass.fashion\/wp-content\/uploads\/2021\/06\/2-21-Wagner-Glas2336-9x12.png 9w, https:\/\/wagner-glass.fashion\/wp-content\/uploads\/2021\/06\/2-21-Wagner-Glas2336-600x835.png 600w, https:\/\/wagner-glass.fashion\/wp-content\/uploads\/2021\/06\/2-21-Wagner-Glas2336.png 800w\" sizes=\"auto, (max-width: 736px) 100vw, 736px\" \/><\/figure>\n<\/div><\/div>\n<\/div><\/div>\n<\/div>\n\n\n\n<div class=\"wp-block-column is-layout-flow wp-block-column-is-layout-flow\">\n<div style=\"height:40px\" aria-hidden=\"true\" class=\"wp-block-spacer\"><\/div>\n\n\n\n<p class=\"has-text-align-center\">REFERENCES<\/p>\n\n\n\n<h1 class=\"has-text-align-center h2 wp-block-heading\">Austrian police<\/h1>\n\n\n\n<p class=\"has-text-align-center translation-block\">The Austrian police consist of the security services (the federal minister of the interior, the provincial police directorates and the district authorities) and the guard units affiliated with or subordinate to them. \n<br>\n<br>\nThe most important and largest guard unit is the federal police, which performs police duties throughout Austria. It includes some about 1000 police inspectorates and about 23,000 employees, and it is subordinate to the federal minister of the interior. It was formed on 1 July 2005 by merging the federal security guard corps and the criminal investigation corps (commonly known as the police), which are mainly located in larger cities, and the Federal Gendarmerie.\n<br>\n<br>\nCustomer since 2018, representative uniforms<\/p>\n\n\n\n<div style=\"height:100px\" aria-hidden=\"true\" class=\"wp-block-spacer\"><\/div>\n\n\n\n<div class=\"wp-block-image is-style-default\"><figure class=\"aligncenter size-large is-resized\"><img loading=\"lazy\" decoding=\"async\" src=\"https:\/\/wagner-glass.fashion\/wp-content\/uploads\/2021\/06\/Logo_Polizei_Austria.svg\" alt=\"\" class=\"wp-image-635\" width=\"175\" height=\"49\"\/><\/figure><\/div>\n<\/div>\n<\/div>","protected":false},"featured_media":0,"template":"","class_list":["post-590","wg_reference","type-wg_reference","status-publish","hentry"],"yoast_head":"<!-- This site is optimized with the Yoast SEO plugin v27.4 - https:\/\/yoast.com\/product\/yoast-seo-wordpress\/ -->\n<title>\u00d6sterreichische Polizei - Wagner &amp; Glass<\/title>\n<meta name=\"robots\" content=\"index, follow, max-snippet:-1, max-image-preview:large, max-video-preview:-1\" \/>\n<link rel=\"canonical\" href=\"https:\/\/wagner-glass.fashion\/en\/referenzen\/osterreichische-polizei\/\" \/>\n<meta property=\"og:locale\" content=\"en_US\" \/>\n<meta property=\"og:type\" content=\"article\" \/>\n<meta property=\"og:title\" content=\"\u00d6sterreichische Polizei - Wagner &amp; Glass\" \/>\n<meta property=\"og:description\" content=\"REFERENZEN \u00d6sterreichische Polizei Die\u00a0Polizei in \u00d6sterreich\u00a0besteht aus den\u00a0Sicherheitsbeh\u00f6rden\u00a0(Bundesminister f\u00fcr Inneres,\u00a0Landespolizeidirektionen\u00a0und\u00a0Bezirkshauptmannschaften) und den ihnen beigegebenen oder unterstellten\u00a0Wachk\u00f6rpern. Wichtigster und gr\u00f6\u00dfter Wachk\u00f6rper ist die\u00a0Bundespolizei, die in ganz \u00d6sterreich gew\u00f6hnliche\u00a0Polizeiaufgaben\u00a0erledigt. Sie verf\u00fcgt \u00fcber rund 1000\u00a0Polizeiinspektionen\u00a0und etwa 23.000 Mitarbeiter und ist dem Bundesminister f\u00fcr Inneres unterstellt. Sie wurde am 1.\u00a0Juli 2005 durch\u00a0Zusammenlegung\u00a0der vor allem in gr\u00f6\u00dferen St\u00e4dten angesiedelten\u00a0Bundessicherheitswachekorps\u00a0und\u00a0Kriminalbeamtenkorps(umgangssprachlich\u00a0Polizei\u00a0genannt) sowie [&hellip;]\" \/>\n<meta property=\"og:url\" content=\"https:\/\/wagner-glass.fashion\/en\/referenzen\/osterreichische-polizei\/\" \/>\n<meta property=\"og:site_name\" content=\"Wagner &amp; Glass\" \/>\n<meta property=\"article:modified_time\" content=\"2021-07-05T15:07:17+00:00\" \/>\n<meta property=\"og:image\" content=\"https:\/\/wagner-glass.fashion\/wp-content\/uploads\/2021\/06\/2-21-Wagner-Glas2332-1-694x1024.png\" \/>\n<meta name=\"twitter:card\" content=\"summary_large_image\" \/>\n<meta name=\"twitter:label1\" content=\"Est. reading time\" \/>\n\t<meta name=\"twitter:data1\" content=\"1 minute\" \/>\n<script type=\"application\/ld+json\" class=\"yoast-schema-graph\">{\"@context\":\"https:\\\/\\\/schema.org\",\"@graph\":[{\"@type\":\"WebPage\",\"@id\":\"https:\\\/\\\/wagner-glass.fashion\\\/referenzen\\\/osterreichische-polizei\\\/\",\"url\":\"https:\\\/\\\/wagner-glass.fashion\\\/referenzen\\\/osterreichische-polizei\\\/\",\"name\":\"\u00d6sterreichische Polizei - Wagner &amp; Glass\",\"isPartOf\":{\"@id\":\"https:\\\/\\\/wagner-glass.fashion\\\/#website\"},\"primaryImageOfPage\":{\"@id\":\"https:\\\/\\\/wagner-glass.fashion\\\/referenzen\\\/osterreichische-polizei\\\/#primaryimage\"},\"image\":{\"@id\":\"https:\\\/\\\/wagner-glass.fashion\\\/referenzen\\\/osterreichische-polizei\\\/#primaryimage\"},\"thumbnailUrl\":\"https:\\\/\\\/wagner-glass.fashion\\\/wp-content\\\/uploads\\\/2021\\\/06\\\/2-21-Wagner-Glas2332-1-694x1024.png\",\"datePublished\":\"2021-06-08T16:50:41+00:00\",\"dateModified\":\"2021-07-05T15:07:17+00:00\",\"breadcrumb\":{\"@id\":\"https:\\\/\\\/wagner-glass.fashion\\\/referenzen\\\/osterreichische-polizei\\\/#breadcrumb\"},\"inLanguage\":\"en-US\",\"potentialAction\":[{\"@type\":\"ReadAction\",\"target\":[\"https:\\\/\\\/wagner-glass.fashion\\\/referenzen\\\/osterreichische-polizei\\\/\"]}]},{\"@type\":\"ImageObject\",\"inLanguage\":\"en-US\",\"@id\":\"https:\\\/\\\/wagner-glass.fashion\\\/referenzen\\\/osterreichische-polizei\\\/#primaryimage\",\"url\":\"https:\\\/\\\/wagner-glass.fashion\\\/wp-content\\\/uploads\\\/2021\\\/06\\\/2-21-Wagner-Glas2332-1-694x1024.png\",\"contentUrl\":\"https:\\\/\\\/wagner-glass.fashion\\\/wp-content\\\/uploads\\\/2021\\\/06\\\/2-21-Wagner-Glas2332-1-694x1024.png\"},{\"@type\":\"BreadcrumbList\",\"@id\":\"https:\\\/\\\/wagner-glass.fashion\\\/referenzen\\\/osterreichische-polizei\\\/#breadcrumb\",\"itemListElement\":[{\"@type\":\"ListItem\",\"position\":1,\"name\":\"Home\",\"item\":\"https:\\\/\\\/wagner-glass.fashion\\\/\"},{\"@type\":\"ListItem\",\"position\":2,\"name\":\"References\",\"item\":\"https:\\\/\\\/wagner-glass.fashion\\\/referenzen\\\/\"},{\"@type\":\"ListItem\",\"position\":3,\"name\":\"\u00d6sterreichische Polizei\"}]},{\"@type\":\"WebSite\",\"@id\":\"https:\\\/\\\/wagner-glass.fashion\\\/#website\",\"url\":\"https:\\\/\\\/wagner-glass.fashion\\\/\",\"name\":\"Wagner & Glass\",\"description\":\"\",\"publisher\":{\"@id\":\"https:\\\/\\\/wagner-glass.fashion\\\/#organization\"},\"potentialAction\":[{\"@type\":\"SearchAction\",\"target\":{\"@type\":\"EntryPoint\",\"urlTemplate\":\"https:\\\/\\\/wagner-glass.fashion\\\/?s={search_term_string}\"},\"query-input\":{\"@type\":\"PropertyValueSpecification\",\"valueRequired\":true,\"valueName\":\"search_term_string\"}}],\"inLanguage\":\"en-US\"},{\"@type\":\"Organization\",\"@id\":\"https:\\\/\\\/wagner-glass.fashion\\\/#organization\",\"name\":\"Wagner & Glass\",\"url\":\"https:\\\/\\\/wagner-glass.fashion\\\/\",\"logo\":{\"@type\":\"ImageObject\",\"inLanguage\":\"en-US\",\"@id\":\"https:\\\/\\\/wagner-glass.fashion\\\/#\\\/schema\\\/logo\\\/image\\\/\",\"url\":\"https:\\\/\\\/wagner-glass.fashion\\\/wp-content\\\/uploads\\\/2021\\\/09\\\/cropped-WAGL-LOGO-Outline.png\",\"contentUrl\":\"https:\\\/\\\/wagner-glass.fashion\\\/wp-content\\\/uploads\\\/2021\\\/09\\\/cropped-WAGL-LOGO-Outline.png\",\"width\":512,\"height\":512,\"caption\":\"Wagner & Glass\"},\"image\":{\"@id\":\"https:\\\/\\\/wagner-glass.fashion\\\/#\\\/schema\\\/logo\\\/image\\\/\"},\"sameAs\":[\"https:\\\/\\\/www.instagram.com\\\/wagnerundglass\\\/\"]}]}<\/script>\n<!-- \/ Yoast SEO plugin. -->","yoast_head_json":{"title":"\u00d6sterreichische Polizei - Wagner &amp; Glass","robots":{"index":"index","follow":"follow","max-snippet":"max-snippet:-1","max-image-preview":"max-image-preview:large","max-video-preview":"max-video-preview:-1"},"canonical":"https:\/\/wagner-glass.fashion\/en\/referenzen\/osterreichische-polizei\/","og_locale":"en_US","og_type":"article","og_title":"\u00d6sterreichische Polizei - Wagner &amp; Glass","og_description":"REFERENZEN \u00d6sterreichische Polizei Die\u00a0Polizei in \u00d6sterreich\u00a0besteht aus den\u00a0Sicherheitsbeh\u00f6rden\u00a0(Bundesminister f\u00fcr Inneres,\u00a0Landespolizeidirektionen\u00a0und\u00a0Bezirkshauptmannschaften) und den ihnen beigegebenen oder unterstellten\u00a0Wachk\u00f6rpern. Wichtigster und gr\u00f6\u00dfter Wachk\u00f6rper ist die\u00a0Bundespolizei, die in ganz \u00d6sterreich gew\u00f6hnliche\u00a0Polizeiaufgaben\u00a0erledigt. Sie verf\u00fcgt \u00fcber rund 1000\u00a0Polizeiinspektionen\u00a0und etwa 23.000 Mitarbeiter und ist dem Bundesminister f\u00fcr Inneres unterstellt. Sie wurde am 1.\u00a0Juli 2005 durch\u00a0Zusammenlegung\u00a0der vor allem in gr\u00f6\u00dferen St\u00e4dten angesiedelten\u00a0Bundessicherheitswachekorps\u00a0und\u00a0Kriminalbeamtenkorps(umgangssprachlich\u00a0Polizei\u00a0genannt) sowie [&hellip;]","og_url":"https:\/\/wagner-glass.fashion\/en\/referenzen\/osterreichische-polizei\/","og_site_name":"Wagner &amp; Glass","article_modified_time":"2021-07-05T15:07:17+00:00","og_image":[{"url":"https:\/\/wagner-glass.fashion\/wp-content\/uploads\/2021\/06\/2-21-Wagner-Glas2332-1-694x1024.png","type":"","width":"","height":""}],"twitter_card":"summary_large_image","twitter_misc":{"Est. reading time":"1 minute"},"schema":{"@context":"https:\/\/schema.org","@graph":[{"@type":"WebPage","@id":"https:\/\/wagner-glass.fashion\/referenzen\/osterreichische-polizei\/","url":"https:\/\/wagner-glass.fashion\/referenzen\/osterreichische-polizei\/","name":"\u00d6sterreichische Polizei - Wagner &amp; Glass","isPartOf":{"@id":"https:\/\/wagner-glass.fashion\/#website"},"primaryImageOfPage":{"@id":"https:\/\/wagner-glass.fashion\/referenzen\/osterreichische-polizei\/#primaryimage"},"image":{"@id":"https:\/\/wagner-glass.fashion\/referenzen\/osterreichische-polizei\/#primaryimage"},"thumbnailUrl":"https:\/\/wagner-glass.fashion\/wp-content\/uploads\/2021\/06\/2-21-Wagner-Glas2332-1-694x1024.png","datePublished":"2021-06-08T16:50:41+00:00","dateModified":"2021-07-05T15:07:17+00:00","breadcrumb":{"@id":"https:\/\/wagner-glass.fashion\/referenzen\/osterreichische-polizei\/#breadcrumb"},"inLanguage":"en-US","potentialAction":[{"@type":"ReadAction","target":["https:\/\/wagner-glass.fashion\/referenzen\/osterreichische-polizei\/"]}]},{"@type":"ImageObject","inLanguage":"en-US","@id":"https:\/\/wagner-glass.fashion\/referenzen\/osterreichische-polizei\/#primaryimage","url":"https:\/\/wagner-glass.fashion\/wp-content\/uploads\/2021\/06\/2-21-Wagner-Glas2332-1-694x1024.png","contentUrl":"https:\/\/wagner-glass.fashion\/wp-content\/uploads\/2021\/06\/2-21-Wagner-Glas2332-1-694x1024.png"},{"@type":"BreadcrumbList","@id":"https:\/\/wagner-glass.fashion\/referenzen\/osterreichische-polizei\/#breadcrumb","itemListElement":[{"@type":"ListItem","position":1,"name":"Home","item":"https:\/\/wagner-glass.fashion\/"},{"@type":"ListItem","position":2,"name":"References","item":"https:\/\/wagner-glass.fashion\/referenzen\/"},{"@type":"ListItem","position":3,"name":"\u00d6sterreichische Polizei"}]},{"@type":"WebSite","@id":"https:\/\/wagner-glass.fashion\/#website","url":"https:\/\/wagner-glass.fashion\/","name":"Wagner & Glass","description":"","publisher":{"@id":"https:\/\/wagner-glass.fashion\/#organization"},"potentialAction":[{"@type":"SearchAction","target":{"@type":"EntryPoint","urlTemplate":"https:\/\/wagner-glass.fashion\/?s={search_term_string}"},"query-input":{"@type":"PropertyValueSpecification","valueRequired":true,"valueName":"search_term_string"}}],"inLanguage":"en-US"},{"@type":"Organization","@id":"https:\/\/wagner-glass.fashion\/#organization","name":"Wagner & Glass","url":"https:\/\/wagner-glass.fashion\/","logo":{"@type":"ImageObject","inLanguage":"en-US","@id":"https:\/\/wagner-glass.fashion\/#\/schema\/logo\/image\/","url":"https:\/\/wagner-glass.fashion\/wp-content\/uploads\/2021\/09\/cropped-WAGL-LOGO-Outline.png","contentUrl":"https:\/\/wagner-glass.fashion\/wp-content\/uploads\/2021\/09\/cropped-WAGL-LOGO-Outline.png","width":512,"height":512,"caption":"Wagner & Glass"},"image":{"@id":"https:\/\/wagner-glass.fashion\/#\/schema\/logo\/image\/"},"sameAs":["https:\/\/www.instagram.com\/wagnerundglass\/"]}]}},"_links":{"self":[{"href":"https:\/\/wagner-glass.fashion\/en\/wp-json\/wp\/v2\/wg_reference\/590","targetHints":{"allow":["GET"]}}],"collection":[{"href":"https:\/\/wagner-glass.fashion\/en\/wp-json\/wp\/v2\/wg_reference"}],"about":[{"href":"https:\/\/wagner-glass.fashion\/en\/wp-json\/wp\/v2\/types\/wg_reference"}],"version-history":[{"count":7,"href":"https:\/\/wagner-glass.fashion\/en\/wp-json\/wp\/v2\/wg_reference\/590\/revisions"}],"predecessor-version":[{"id":1029,"href":"https:\/\/wagner-glass.fashion\/en\/wp-json\/wp\/v2\/wg_reference\/590\/revisions\/1029"}],"wp:attachment":[{"href":"https:\/\/wagner-glass.fashion\/en\/wp-json\/wp\/v2\/media?parent=590"}],"curies":[{"name":"wp","href":"https:\/\/api.w.org\/{rel}","templated":true}]}}